{"id":5640,"date":"2024-07-17T06:55:56","date_gmt":"2024-07-17T03:55:56","guid":{"rendered":"https:\/\/mtnplast.com\/cevre-politikasi\/"},"modified":"2024-07-17T08:28:37","modified_gmt":"2024-07-17T05:28:37","slug":"cevre-politikasi","status":"publish","type":"page","link":"https:\/\/mtnplast.com\/de\/cevre-politikasi\/","title":{"rendered":"\u00c7evre Politikas\u0131"},"content":{"rendered":"\t\t<div data-elementor-type=\"wp-page\" data-elementor-id=\"5640\" class=\"elementor elementor-5640\">\n\t\t\t\t\t\t<section class=\"elementor-section elementor-top-section elementor-element elementor-element-54c45de elementor-section-boxed elementor-section-height-default elementor-section-height-default\" data-id=\"54c45de\" data-element_type=\"section\">\n\t\t\t\t\t\t<div class=\"elementor-container elementor-column-gap-default\">\n\t\t\t\t\t<div class=\"elementor-column elementor-col-100 elementor-top-column elementor-element elementor-element-e8bb01c\" data-id=\"e8bb01c\" data-element_type=\"column\">\n\t\t\t<div class=\"elementor-widget-wrap elementor-element-populated\">\n\t\t\t\t\t\t<div class=\"elementor-element elementor-element-6a70415 elementor-widget elementor-widget-heading\" data-id=\"6a70415\" data-element_type=\"widget\" data-widget_type=\"heading.default\">\n\t\t\t\t<div class=\"elementor-widget-container\">\n\t\t\t\t\t<h2 class=\"elementor-heading-title elementor-size-default\">\u00c7evre Politikas\u0131<\/h2>\t\t\t\t<\/div>\n\t\t\t\t<\/div>\n\t\t\t\t<div class=\"elementor-element elementor-element-c077254 elementor-widget elementor-widget-text-editor\" data-id=\"c077254\" data-element_type=\"widget\" data-widget_type=\"text-editor.default\">\n\t\t\t\t<div class=\"elementor-widget-container\">\n\t\t\t\t\t\t\t\t\t<p>MTN PLAST\u0130K SAN. VE T\u0130C.LTD. \u015eT\u0130. olarak ba\u015fta da\u011f\u0131t\u0131m ve sat\u0131\u015f i\u015f kollar\u0131m\u0131z olmak \u00fczere t\u00fcm faaliyetlerimizi a\u015fa\u011f\u0131daki temel ilkelere g\u00f6re ger\u00e7ekle\u015ftiririz:<\/p>\n<ul>\n<li>\u00c7evre ile ilgili t\u00fcm yasal ve di\u011fer uygunluk y\u00fck\u00fcml\u00fcl\u00fcklerimizi yerine getiririz.<\/li>\n<li>&nbsp;<\/li>\n<li>\u0130klim de\u011fi\u015fikli\u011fi ile m\u00fccadele kapsam\u0131nda ulusal ve uluslararas\u0131 emisyon hedeflerini g\u00f6zetir, s\u00fcrd\u00fcr\u00fclebilir kalk\u0131nman\u0131n temel ta\u015flar\u0131ndan biri olan d\u00fc\u015f\u00fck karbon ekonomisine katma de\u011fer sa\u011flamak i\u00e7in enerji t\u00fcketimini azaltmak, enerji verimlili\u011fini artt\u0131rmak ve do\u011frudan ve dolayl\u0131 sera gaz\u0131 emisyonlar\u0131m\u0131z\u0131 d\u00fc\u015f\u00fcrmek i\u00e7in \u00e7al\u0131\u015fmalar y\u00fcr\u00fct\u00fcr\u00fcz.<\/li>\n<li>&nbsp;<\/li>\n<li>At\u0131k y\u00f6netimi hiyerar\u015fisini benimser, faaliyetlerimiz sonucu at\u0131k olu\u015fumunun \u00f6ncelikle kayna\u011f\u0131nda \u00f6nlenmesini, olu\u015fan at\u0131klar\u0131n m\u00fcmk\u00fcnse geri kullan\u0131m\u0131n\u0131, aksi takdirde do\u011faya zarar vermeyecek \u015fekilde geri d\u00f6n\u00fc\u015f\u00fcm\u00fcn\u00fcn veya geri kazan\u0131m\u0131n\u0131n sa\u011flanmas\u0131n\u0131 hedefleriz.<\/li>\n<li>&nbsp;<\/li>\n<li>\u00c7evresel etkilerimizi en aza indirmek i\u00e7in \u00f6l\u00e7\u00fclebilir hedefler belirler, performans\u0131m\u0131z\u0131 bu hedeflere g\u00f6re periyodik olarak de\u011ferlendirerek \u00e7evre y\u00f6netim sistemimizi s\u00fcrekli iyile\u015ftiririz.<\/li>\n<li>&nbsp;<\/li>\n<li>Do\u011fal kaynaklar\u0131m\u0131z\u0131 verimli kullanmay\u0131 ilke ediniriz.<\/li>\n<li>&nbsp;<\/li>\n<li>Faaliyet g\u00f6sterdi\u011fimiz t\u00fcm alanlarda ekosistemin, habitatlar\u0131n ve biyo\u00e7e\u015fitlili\u011fin korunmas\u0131 ve iyile\u015ftirilmesi i\u00e7in \u00f6zen g\u00f6steririz.<\/li>\n<li>&nbsp;<\/li>\n<li>\u00c7evre y\u00f6netimi sistemimizin kapsam, y\u00f6ntem ve hedeflerini belirlerken t\u00fcm \u00e7al\u0131\u015fanlar\u0131m\u0131z, m\u00fc\u015fterilerimiz, i\u015f ortaklar\u0131m\u0131z, yat\u0131r\u0131mc\u0131lar\u0131m\u0131z ve di\u011fer payda\u015flar\u0131m\u0131z ile \u00fcst y\u00f6netimimizin katk\u0131lar\u0131n\u0131 al\u0131r\u0131z.<\/li>\n<li>&nbsp;<\/li>\n<li>Kurulu\u015fumuz genelinde \u00e7evre bilincini geli\u015ftirmeyi, yayg\u0131nla\u015ft\u0131rmay\u0131 ve s\u00fcrd\u00fcrmeyi hedefler, ba\u015fta \u00e7al\u0131\u015fanlar, tedarik\u00e7iler ve i\u015f ortaklar\u0131 olmak \u00fczere t\u00fcm i\u015f a\u011f\u0131m\u0131z\u0131 \u00e7evre alan\u0131nda sorumlu faaliyetler s\u00fcrd\u00fcrmeleri y\u00f6n\u00fcnde te\u015fvik eder, bu alanda sekt\u00f6re liderlik etmeyi hedefleriz.<\/li>\n<li>\u00d6nemli \u00e7evre boyutuna sahip \u00fcr\u00fcn-hizmet al\u0131mlar\u0131m\u0131zda ya\u015fam d\u00f6ng\u00fcs\u00fc ilkesiyle uyumlu olarak gerekli \u00e7evre \u015fartlar\u0131n\u0131 belirler ve tedarik\u00e7ilerimiz ile payla\u015f\u0131r\u0131z. Bu sayede, tedarik\u00e7ilerimizin \u00e7evre performanslar\u0131n\u0131n iyile\u015fmesine katk\u0131 sa\u011flar\u0131z.<\/li>\n<li>&nbsp;<\/li>\n<\/ul>\n<p>\u00c7evre Politikas\u0131 do\u011frultusunda s\u00fcrekli takip etti\u011fimiz \u00e7evre performans\u0131n\u0131 d\u00fczenli olarak S\u00fcrd\u00fcr\u00fclebilirlik Raporlar\u0131yla payda\u015flar ile payla\u015f\u0131r\u0131z. \u00c7evre alan\u0131ndaki \u00f6ncelikli konular\u0131 sekt\u00f6r\u00fc ilgilendiren yerel ve k\u00fcresel e\u011filimler do\u011frultusunda belirler ve \u00e7evre politikam\u0131z\u0131 gerekti\u011finde g\u00fcnceller ve ilgili taraflar\u0131yla payla\u015f\u0131r\u0131z.<\/p>\n<p>T\u00fcm MTN \u00c7al\u0131\u015fanlar\u0131 Ad\u0131na<\/p>\n<p>Metin G\u00dcLER \/ Ocak 2023&nbsp;<\/p>\n<p>Revizyon: 02<\/p>\t\t\t\t\t\t\t\t<\/div>\n\t\t\t\t<\/div>\n\t\t\t\t\t<\/div>\n\t\t<\/div>\n\t\t\t\t\t<\/div>\n\t\t<\/section>\n\t\t\t\t<\/div>\n\t\t","protected":false},"excerpt":{"rendered":"<p>\u00c7evre Politikas\u0131 MTN PLAST\u0130K SAN. VE T\u0130C.LTD. \u015eT\u0130. olarak ba\u015fta da\u011f\u0131t\u0131m ve sat\u0131\u015f i\u015f kollar\u0131m\u0131z olmak \u00fczere t\u00fcm faaliyetlerimizi a\u015fa\u011f\u0131daki temel ilkelere g\u00f6re ger\u00e7ekle\u015ftiririz: \u00c7evre ile ilgili t\u00fcm yasal ve di\u011fer uygunluk y\u00fck\u00fcml\u00fcl\u00fcklerimizi yerine getiririz. \u0130klim de\u011fi\u015fikli\u011fi ile m\u00fccadele kapsam\u0131nda ulusal ve uluslararas\u0131 emisyon hedeflerini g\u00f6zetir, s\u00fcrd\u00fcr\u00fclebilir kalk\u0131nman\u0131n temel ta\u015flar\u0131ndan biri olan d\u00fc\u015f\u00fck karbon ekonomisine [&hellip;]<\/p>\n","protected":false},"author":1,"featured_media":0,"parent":0,"menu_order":0,"comment_status":"closed","ping_status":"closed","template":"","meta":{"footnotes":""},"class_list":["post-5640","page","type-page","status-publish","hentry"],"_links":{"self":[{"href":"https:\/\/mtnplast.com\/de\/wp-json\/wp\/v2\/pages\/5640","targetHints":{"allow":["GET"]}}],"collection":[{"href":"https:\/\/mtnplast.com\/de\/wp-json\/wp\/v2\/pages"}],"about":[{"href":"https:\/\/mtnplast.com\/de\/wp-json\/wp\/v2\/types\/page"}],"author":[{"embeddable":true,"href":"https:\/\/mtnplast.com\/de\/wp-json\/wp\/v2\/users\/1"}],"replies":[{"embeddable":true,"href":"https:\/\/mtnplast.com\/de\/wp-json\/wp\/v2\/comments?post=5640"}],"version-history":[{"count":2,"href":"https:\/\/mtnplast.com\/de\/wp-json\/wp\/v2\/pages\/5640\/revisions"}],"predecessor-version":[{"id":5645,"href":"https:\/\/mtnplast.com\/de\/wp-json\/wp\/v2\/pages\/5640\/revisions\/5645"}],"wp:attachment":[{"href":"https:\/\/mtnplast.com\/de\/wp-json\/wp\/v2\/media?parent=5640"}],"curies":[{"name":"wp","href":"https:\/\/api.w.org\/{rel}","templated":true}]}}